{"id":842,"date":"2016-06-15T12:35:51","date_gmt":"2016-06-15T10:35:51","guid":{"rendered":"http:\/\/localhost\/wordpress\/?page_id=842"},"modified":"2017-06-06T23:38:18","modified_gmt":"2017-06-06T21:38:18","slug":"events","status":"publish","type":"page","link":"https:\/\/bards.fr\/fr\/events\/","title":{"rendered":"\u00c9v\u00e8nements"},"content":{"rendered":"<div id=\"eo_fullcalendar_1_loading\" class=\"eo-fullcalendar-loading\" ><img src=\"https:\/\/bards.fr\/wp-content\/plugins\/event-organiser\/css\/images\/loading-image.gif\" class=\"eo-fullcalendar-loading-icon\" alt=\"Chargement&#8230;\" \/> Chargement&#8230;<\/div><div class=\"eo-fullcalendar eo-fullcalendar-shortcode eo-fullcalendar-reset eo-fullcalendar-responsive\" id=\"eo_fullcalendar_1\"><\/div>\n<h4>\u00c9v\u00e8nements \u00e0 venir:<\/h4>\n\n\n\t<ul id=\"\" class=\"eo-events eo-events-shortcode\" > \n\t\t<li class=\"eo-no-events\">Pas d&#039;\u00e9v\u00e8nements<\/li>\n\t<\/ul>\n\n\n<h4>\u00c9v\u00e8nements pass\u00e9s:<\/h4>\n\n\n\t<ul  class=\"eo-events eo-events-shortcode\" > \n\n\t\t\n\t\t\t\n\t\t\t<li class=\"eo-event-venue-la-camillienne eo-event-cat-concerts eo-event-past\" >\n\t\t\t\t<article id=\"post-2335\" class=\"post-2335 event type-event status-publish has-post-thumbnail event-venue-la-camillienne event-category-concerts entry\" itemscope itemtype=\"http:\/\/data-vocabulary.org\/Event\">\n      \t\t<a href=\"https:\/\/bards.fr\/fr\/events\/event\/kontsert-borisa-i-mihaila-kinerov\/\" itemprop=\"url\"><img width=\"300\" height=\"212\" src=\"https:\/\/bards.fr\/wp-content\/uploads\/4bc65d7a-d9ce-4613-a884-1867b64c0a33-300x212.jpeg\" class=\"attachment-thumbnail eo-event-thumbnail wp-post-image\" alt=\"\" decoding=\"async\" loading=\"lazy\" srcset=\"https:\/\/bards.fr\/wp-content\/uploads\/4bc65d7a-d9ce-4613-a884-1867b64c0a33-300x212.jpeg 300w, https:\/\/bards.fr\/wp-content\/uploads\/4bc65d7a-d9ce-4613-a884-1867b64c0a33-500x353.jpeg 500w, https:\/\/bards.fr\/wp-content\/uploads\/4bc65d7a-d9ce-4613-a884-1867b64c0a33-1024x724.jpeg 1024w, https:\/\/bards.fr\/wp-content\/uploads\/4bc65d7a-d9ce-4613-a884-1867b64c0a33-768x543.jpeg 768w, https:\/\/bards.fr\/wp-content\/uploads\/4bc65d7a-d9ce-4613-a884-1867b64c0a33-1536x1086.jpeg 1536w, https:\/\/bards.fr\/wp-content\/uploads\/4bc65d7a-d9ce-4613-a884-1867b64c0a33.jpeg 1600w\" sizes=\"(max-width: 300px) 100vw, 300px\" \/><\/a>         \t<header class=\"eo-event-header\">\n            <h4 class=\"eo-event-title\">\n        \t\t\t<a href=\"https:\/\/bards.fr\/fr\/events\/event\/kontsert-borisa-i-mihaila-kinerov\/\" itemprop=\"url\">\u041a\u043e\u043d\u0446\u0435\u0440\u0442 \u0411\u043e\u0440\u0438\u0441\u0430 \u0438 \u041c\u0438\u0445\u0430\u0438\u043b\u0430 \u041a\u0438\u043d\u0435\u0440\u043e\u0432<\/a>\n        \t\t<\/h4>\n                    \t<\/header><!-- .entry-header -->\n        \t<ul class=\"eo-event-meta\">\n        \t\t        \t\t\t<!-- Single event -->\n        \t\t\t<li><strong>Quand:<\/strong> dimanche 10 novembre 2024 - 19:00<\/li>\n        \t\t        \t\t        \t\t\t<li><strong>O\u00f9:<\/strong> <a href=\"https:\/\/bards.fr\/fr\/events\/venues\/la-camillienne\/\"> \"La Camillienne\" 12, rue des Muniers 75012 Paris<\/a><\/li>\n        \t\t          <\/ul>    \n        <\/article>\n\t\t\t<\/li>\n\n\t\t\n\t\t\t\n\t\t\t<li class=\"eo-event-venue-librairie-du-globe eo-event-cat-concerts eo-event-past\" >\n\t\t\t\t<article id=\"post-2325\" class=\"post-2325 event type-event status-publish has-post-thumbnail event-venue-librairie-du-globe event-category-concerts entry\" itemscope itemtype=\"http:\/\/data-vocabulary.org\/Event\">\n      \t\t<a href=\"https:\/\/bards.fr\/fr\/events\/event\/kontsert-veroniki-dolinoj-malenkie-dramy\/\" itemprop=\"url\"><img width=\"300\" height=\"169\" src=\"https:\/\/bards.fr\/wp-content\/uploads\/Afisha-300x169.jpg\" class=\"attachment-thumbnail eo-event-thumbnail wp-post-image\" alt=\"\" decoding=\"async\" loading=\"lazy\" srcset=\"https:\/\/bards.fr\/wp-content\/uploads\/Afisha-300x169.jpg 300w, https:\/\/bards.fr\/wp-content\/uploads\/Afisha-500x281.jpg 500w, https:\/\/bards.fr\/wp-content\/uploads\/Afisha-1024x576.jpg 1024w, https:\/\/bards.fr\/wp-content\/uploads\/Afisha-768x432.jpg 768w, https:\/\/bards.fr\/wp-content\/uploads\/Afisha.jpg 1280w\" sizes=\"(max-width: 300px) 100vw, 300px\" \/><\/a>         \t<header class=\"eo-event-header\">\n            <h4 class=\"eo-event-title\">\n        \t\t\t<a href=\"https:\/\/bards.fr\/fr\/events\/event\/kontsert-veroniki-dolinoj-malenkie-dramy\/\" itemprop=\"url\">K\u043e\u043d\u0446\u0435\u0440\u0442 \u0412\u0435\u0440\u043e\u043d\u0438\u043a\u0438 \u0414\u043e\u043b\u0438\u043d\u043e\u0439 \u00ab\u00a0\u041c\u0430\u043b\u0435\u043d\u044c\u043a\u0438\u0435 \u0434\u0440\u0430\u043c\u044b\u00a0\u00bb<\/a>\n        \t\t<\/h4>\n                          <!-- Show Event text as 'the_excerpt' or 'the_content' -->\n              <p class=\"eo-event-content\" itemprop=\"description\"> \u041a\u043e\u043d\u0446\u0435\u0440\u0442 \u0412\u0435\u0440\u043e\u043d\u0438\u043a\u0438 \u0414\u043e\u043b\u0438\u043d\u043e\u0439 \u0432 \u041f\u0430\u0440\u0438\u0436\u0435 5 \u0438\u044e\u043b\u044f 2024 \u0433\u043e\u0434\u0430<\/p>\n        \t\t        \t<\/header><!-- .entry-header -->\n        \t<ul class=\"eo-event-meta\">\n        \t\t        \t\t\t<!-- Single event -->\n        \t\t\t<li><strong>Quand:<\/strong> vendredi 5 juillet 2024 - 19:00<\/li>\n        \t\t        \t\t        \t\t\t<li><strong>O\u00f9:<\/strong> <a href=\"https:\/\/bards.fr\/fr\/events\/venues\/librairie-du-globe\/\"> Librairie du Globe<\/a><\/li>\n        \t\t          <\/ul>    \n        <\/article>\n\t\t\t<\/li>\n\n\t\t\n\t\t\t\n\t\t\t<li class=\"eo-event-venue-la-camillienne eo-event-cat-concerts eo-event-past\" >\n\t\t\t\t<article id=\"post-2328\" class=\"post-2328 event type-event status-publish has-post-thumbnail event-venue-la-camillienne event-category-concerts entry\" itemscope itemtype=\"http:\/\/data-vocabulary.org\/Event\">\n      \t\t<a href=\"https:\/\/bards.fr\/fr\/events\/event\/muzykalno-poeticheskij-vecher-kluba\/\" itemprop=\"url\"><img width=\"212\" height=\"300\" src=\"https:\/\/bards.fr\/wp-content\/uploads\/Afisha-muzykalno-poeticheskij-vecher-kluba-212x300.jpg\" class=\"attachment-thumbnail eo-event-thumbnail wp-post-image\" alt=\"\" decoding=\"async\" loading=\"lazy\" srcset=\"https:\/\/bards.fr\/wp-content\/uploads\/Afisha-muzykalno-poeticheskij-vecher-kluba-212x300.jpg 212w, https:\/\/bards.fr\/wp-content\/uploads\/Afisha-muzykalno-poeticheskij-vecher-kluba-353x500.jpg 353w, https:\/\/bards.fr\/wp-content\/uploads\/Afisha-muzykalno-poeticheskij-vecher-kluba-724x1024.jpg 724w, https:\/\/bards.fr\/wp-content\/uploads\/Afisha-muzykalno-poeticheskij-vecher-kluba-768x1086.jpg 768w, https:\/\/bards.fr\/wp-content\/uploads\/Afisha-muzykalno-poeticheskij-vecher-kluba-1086x1536.jpg 1086w, https:\/\/bards.fr\/wp-content\/uploads\/Afisha-muzykalno-poeticheskij-vecher-kluba.jpg 1131w\" sizes=\"(max-width: 212px) 100vw, 212px\" \/><\/a>         \t<header class=\"eo-event-header\">\n            <h4 class=\"eo-event-title\">\n        \t\t\t<a href=\"https:\/\/bards.fr\/fr\/events\/event\/muzykalno-poeticheskij-vecher-kluba\/\" itemprop=\"url\">\u041c\u0443\u0437\u044b\u043a\u0430\u043b\u044c\u043d\u043e-\u043f\u043e\u044d\u0442\u0438\u0447\u0435\u0441\u043a\u0438\u0439 \u0432\u0435\u0447\u0435\u0440 \u043a\u043b\u0443\u0431\u0430<\/a>\n        \t\t<\/h4>\n                    \t<\/header><!-- .entry-header -->\n        \t<ul class=\"eo-event-meta\">\n        \t\t        \t\t\t<!-- Single event -->\n        \t\t\t<li><strong>Quand:<\/strong> lundi 1 juillet 2024 - 18:00<\/li>\n        \t\t        \t\t        \t\t\t<li><strong>O\u00f9:<\/strong> <a href=\"https:\/\/bards.fr\/fr\/events\/venues\/la-camillienne\/\"> \"La Camillienne\" 12, rue des Muniers 75012 Paris<\/a><\/li>\n        \t\t          <\/ul>    \n        <\/article>\n\t\t\t<\/li>\n\n\t\t\n\t\t\t\n\t\t\t<li class=\"eo-event-venue-institut-protestant eo-event-cat-concerts eo-event-past\" >\n\t\t\t\t<article id=\"post-2331\" class=\"post-2331 event type-event status-publish has-post-thumbnail event-venue-institut-protestant event-category-concerts entry\" itemscope itemtype=\"http:\/\/data-vocabulary.org\/Event\">\n      \t\t<a href=\"https:\/\/bards.fr\/fr\/events\/event\/poeticheskaya-programma-dmitriya-bykova-novyj-svet\/\" itemprop=\"url\"><img width=\"212\" height=\"300\" src=\"https:\/\/bards.fr\/wp-content\/uploads\/Dmitrij-Bykov-17-iyunya-pdf-212x300.jpg\" class=\"attachment-thumbnail eo-event-thumbnail wp-post-image\" alt=\"\" decoding=\"async\" loading=\"lazy\" \/><\/a>         \t<header class=\"eo-event-header\">\n            <h4 class=\"eo-event-title\">\n        \t\t\t<a href=\"https:\/\/bards.fr\/fr\/events\/event\/poeticheskaya-programma-dmitriya-bykova-novyj-svet\/\" itemprop=\"url\">\u041f\u043e\u044d\u0442\u0438\u0447\u0435\u0441\u043a\u0430\u044f \u043f\u0440\u043e\u0433\u0440\u0430\u043c\u043c\u0430 \u0414\u043c\u0438\u0442\u0440\u0438\u044f \u0411\u044b\u043a\u043e\u0432\u0430  \u00ab\u00a0\u041d\u043e\u0432\u044b\u0439 \u0441\u0432\u0435\u0442\u00a0\u00bb<\/a>\n        \t\t<\/h4>\n                    \t<\/header><!-- .entry-header -->\n        \t<ul class=\"eo-event-meta\">\n        \t\t        \t\t\t<!-- Single event -->\n        \t\t\t<li><strong>Quand:<\/strong> lundi 17 juin 2024 - 20:00<\/li>\n        \t\t        \t\t        \t\t\t<li><strong>O\u00f9:<\/strong> <a href=\"https:\/\/bards.fr\/fr\/events\/venues\/institut-protestant\/\"> Institut Protestant, 83 bd Arago 75014 Paris<\/a><\/li>\n        \t\t          <\/ul>    \n        <\/article>\n\t\t\t<\/li>\n\n\t\t\n\t\t\t\n\t\t\t<li class=\"eo-event-venue-maison-fraternelle eo-event-cat-dates eo-event-cat-concerts eo-event-past\" >\n\t\t\t\t<article id=\"post-2308\" class=\"post-2308 event type-event status-publish has-post-thumbnail event-venue-maison-fraternelle event-category-dates event-category-concerts entry\" itemscope itemtype=\"http:\/\/data-vocabulary.org\/Event\">\n      \t\t<a href=\"https:\/\/bards.fr\/fr\/events\/event\/timur-shaov-2\/\" itemprop=\"url\"><img width=\"300\" height=\"198\" src=\"https:\/\/bards.fr\/wp-content\/uploads\/aficha-300x198.jpg\" class=\"attachment-thumbnail eo-event-thumbnail wp-post-image\" alt=\"\" decoding=\"async\" loading=\"lazy\" srcset=\"https:\/\/bards.fr\/wp-content\/uploads\/aficha-300x198.jpg 300w, https:\/\/bards.fr\/wp-content\/uploads\/aficha-500x330.jpg 500w, https:\/\/bards.fr\/wp-content\/uploads\/aficha-768x508.jpg 768w, https:\/\/bards.fr\/wp-content\/uploads\/aficha.jpg 917w\" sizes=\"(max-width: 300px) 100vw, 300px\" \/><\/a>         \t<header class=\"eo-event-header\">\n            <h4 class=\"eo-event-title\">\n        \t\t\t<a href=\"https:\/\/bards.fr\/fr\/events\/event\/timur-shaov-2\/\" itemprop=\"url\">Timur Chaov a Paris!<\/a>\n        \t\t<\/h4>\n                    \t<\/header><!-- .entry-header -->\n        \t<ul class=\"eo-event-meta\">\n        \t\t        \t\t\t<!-- Single event -->\n        \t\t\t<li><strong>Quand:<\/strong> samedi 16 mars 2024 - 19:00<\/li>\n        \t\t        \t\t        \t\t\t<li><strong>O\u00f9:<\/strong> <a href=\"https:\/\/bards.fr\/fr\/events\/venues\/maison-fraternelle\/\"> Maison Fraternelle<\/a><\/li>\n        \t\t          <\/ul>    \n        <\/article>\n\t\t\t<\/li>\n\n\t\t\n\t\t\t\n\t\t\t<li class=\"eo-event-venue-area-12 eo-event-cat-concerts eo-event-past\" >\n\t\t\t\t<article id=\"post-2302\" class=\"post-2302 event type-event status-publish event-venue-area-12 event-category-concerts entry\" itemscope itemtype=\"http:\/\/data-vocabulary.org\/Event\">\n      \t\t         \t<header class=\"eo-event-header\">\n            <h4 class=\"eo-event-title\">\n        \t\t\t<a href=\"https:\/\/bards.fr\/fr\/events\/event\/kontsert-galiny-homchik\/\" itemprop=\"url\">Galina Khamtchik<\/a>\n        \t\t<\/h4>\n                    \t<\/header><!-- .entry-header -->\n        \t<ul class=\"eo-event-meta\">\n        \t\t        \t\t\t<!-- Single event -->\n        \t\t\t<li><strong>Quand:<\/strong> dimanche 25 f\u00e9vrier 2024 - 19:00<\/li>\n        \t\t        \t\t        \t\t\t<li><strong>O\u00f9:<\/strong> <a href=\"https:\/\/bards.fr\/fr\/events\/venues\/area-12\/\"> \"Area 12\" : 140 rue de Picpus 75012 Paris<\/a><\/li>\n        \t\t          <\/ul>    \n        <\/article>\n\t\t\t<\/li>\n\n\t\t\n\t\t\t\n\t\t\t<li class=\"eo-event-cat-concerts eo-event-past eo-all-day\" >\n\t\t\t\t<article id=\"post-2293\" class=\"post-2293 event type-event status-publish has-post-thumbnail event-category-concerts entry\" itemscope itemtype=\"http:\/\/data-vocabulary.org\/Event\">\n      \t\t<a href=\"https:\/\/bards.fr\/fr\/events\/event\/tvorcheskaya-vstrecha-viktora-shenderovicha-v-parizhe\/\" itemprop=\"url\"><img width=\"176\" height=\"300\" src=\"https:\/\/bards.fr\/wp-content\/uploads\/8669bac9-093d-4fbc-93bc-767ba787f985-176x300.jpg\" class=\"attachment-thumbnail eo-event-thumbnail wp-post-image\" alt=\"\" decoding=\"async\" loading=\"lazy\" srcset=\"https:\/\/bards.fr\/wp-content\/uploads\/8669bac9-093d-4fbc-93bc-767ba787f985-176x300.jpg 176w, https:\/\/bards.fr\/wp-content\/uploads\/8669bac9-093d-4fbc-93bc-767ba787f985-294x500.jpg 294w, https:\/\/bards.fr\/wp-content\/uploads\/8669bac9-093d-4fbc-93bc-767ba787f985.jpg 457w\" sizes=\"(max-width: 176px) 100vw, 176px\" \/><\/a>         \t<header class=\"eo-event-header\">\n            <h4 class=\"eo-event-title\">\n        \t\t\t<a href=\"https:\/\/bards.fr\/fr\/events\/event\/tvorcheskaya-vstrecha-viktora-shenderovicha-v-parizhe\/\" itemprop=\"url\">Rencontre avec Victor Chenderovitch<\/a>\n        \t\t<\/h4>\n                    \t<\/header><!-- .entry-header -->\n        \t<ul class=\"eo-event-meta\">\n        \t\t        \t\t\t<!-- Single event -->\n        \t\t\t<li><strong>Quand:<\/strong> mercredi 5 juillet 2023 - 00:00<\/li>\n        \t\t        \t\t          <\/ul>    \n        <\/article>\n\t\t\t<\/li>\n\n\t\t\n\t\t\t\n\t\t\t<li class=\"eo-event-venue-la-camillienne eo-event-cat-vechera eo-event-past\" >\n\t\t\t\t<article id=\"post-2289\" class=\"post-2289 event type-event status-publish has-post-thumbnail event-venue-la-camillienne event-category-vechera entry\" itemscope itemtype=\"http:\/\/data-vocabulary.org\/Event\">\n      \t\t<a href=\"https:\/\/bards.fr\/fr\/events\/event\/gitara-po-krugu-3\/\" itemprop=\"url\"><img width=\"300\" height=\"296\" src=\"https:\/\/bards.fr\/wp-content\/uploads\/2023-06-20_18h20_22-300x296.png\" class=\"attachment-thumbnail eo-event-thumbnail wp-post-image\" alt=\"\" decoding=\"async\" loading=\"lazy\" srcset=\"https:\/\/bards.fr\/wp-content\/uploads\/2023-06-20_18h20_22-300x296.png 300w, https:\/\/bards.fr\/wp-content\/uploads\/2023-06-20_18h20_22-500x493.png 500w, https:\/\/bards.fr\/wp-content\/uploads\/2023-06-20_18h20_22.png 531w\" sizes=\"(max-width: 300px) 100vw, 300px\" \/><\/a>         \t<header class=\"eo-event-header\">\n            <h4 class=\"eo-event-title\">\n        \t\t\t<a href=\"https:\/\/bards.fr\/fr\/events\/event\/gitara-po-krugu-3\/\" itemprop=\"url\">Guitare et Parole \u00e0 tour de r\u00f4le<\/a>\n        \t\t<\/h4>\n                    \t<\/header><!-- .entry-header -->\n        \t<ul class=\"eo-event-meta\">\n        \t\t        \t\t\t<!-- Single event -->\n        \t\t\t<li><strong>Quand:<\/strong> dimanche 25 juin 2023 - 18:00<\/li>\n        \t\t        \t\t        \t\t\t<li><strong>O\u00f9:<\/strong> <a href=\"https:\/\/bards.fr\/fr\/events\/venues\/la-camillienne\/\"> \"La Camillienne\" 12, rue des Muniers 75012 Paris<\/a><\/li>\n        \t\t          <\/ul>    \n        <\/article>\n\t\t\t<\/li>\n\n\t\t\n\t\t\t\n\t\t\t<li class=\"eo-event-venue-area-12 eo-event-cat-concerts eo-event-past\" >\n\t\t\t\t<article id=\"post-2283\" class=\"post-2283 event type-event status-publish has-post-thumbnail event-venue-area-12 event-category-concerts entry\" itemscope itemtype=\"http:\/\/data-vocabulary.org\/Event\">\n      \t\t<a href=\"https:\/\/bards.fr\/fr\/events\/event\/vladimir-vasilev\/\" itemprop=\"url\"><img width=\"251\" height=\"300\" src=\"https:\/\/bards.fr\/wp-content\/uploads\/IMG_3871-1-251x300.jpeg\" class=\"attachment-thumbnail eo-event-thumbnail wp-post-image\" alt=\"\" decoding=\"async\" loading=\"lazy\" srcset=\"https:\/\/bards.fr\/wp-content\/uploads\/IMG_3871-1-251x300.jpeg 251w, https:\/\/bards.fr\/wp-content\/uploads\/IMG_3871-1.jpeg 350w\" sizes=\"(max-width: 251px) 100vw, 251px\" \/><\/a>         \t<header class=\"eo-event-header\">\n            <h4 class=\"eo-event-title\">\n        \t\t\t<a href=\"https:\/\/bards.fr\/fr\/events\/event\/vladimir-vasilev\/\" itemprop=\"url\">Vladimir Vasiliev<\/a>\n        \t\t<\/h4>\n                    \t<\/header><!-- .entry-header -->\n        \t<ul class=\"eo-event-meta\">\n        \t\t        \t\t\t<!-- Single event -->\n        \t\t\t<li><strong>Quand:<\/strong> jeudi 18 mai 2023 - 20:00<\/li>\n        \t\t        \t\t        \t\t\t<li><strong>O\u00f9:<\/strong> <a href=\"https:\/\/bards.fr\/fr\/events\/venues\/area-12\/\"> \"Area 12\" : 140 rue de Picpus 75012 Paris<\/a><\/li>\n        \t\t          <\/ul>    \n        <\/article>\n\t\t\t<\/li>\n\n\t\t\n\t\t\t\n\t\t\t<li class=\"eo-event-venue-la-camillienne eo-event-cat-dates eo-event-cat-concerts eo-event-past\" >\n\t\t\t\t<article id=\"post-2273\" class=\"post-2273 event type-event status-publish has-post-thumbnail event-venue-la-camillienne event-category-dates event-category-concerts entry\" itemscope itemtype=\"http:\/\/data-vocabulary.org\/Event\">\n      \t\t<a href=\"https:\/\/bards.fr\/fr\/events\/event\/kontsert-kluba\/\" itemprop=\"url\"><img width=\"300\" height=\"300\" src=\"https:\/\/bards.fr\/wp-content\/uploads\/cropped-logo-Club-Parisien-300x300.png\" class=\"attachment-thumbnail eo-event-thumbnail wp-post-image\" alt=\"\" decoding=\"async\" loading=\"lazy\" srcset=\"https:\/\/bards.fr\/wp-content\/uploads\/cropped-logo-Club-Parisien-300x300.png 300w, https:\/\/bards.fr\/wp-content\/uploads\/cropped-logo-Club-Parisien-500x500.png 500w, https:\/\/bards.fr\/wp-content\/uploads\/cropped-logo-Club-Parisien-270x270.png 270w, https:\/\/bards.fr\/wp-content\/uploads\/cropped-logo-Club-Parisien-192x192.png 192w, https:\/\/bards.fr\/wp-content\/uploads\/cropped-logo-Club-Parisien-180x180.png 180w, https:\/\/bards.fr\/wp-content\/uploads\/cropped-logo-Club-Parisien-32x32.png 32w, https:\/\/bards.fr\/wp-content\/uploads\/cropped-logo-Club-Parisien.png 512w\" sizes=\"(max-width: 300px) 100vw, 300px\" \/><\/a>         \t<header class=\"eo-event-header\">\n            <h4 class=\"eo-event-title\">\n        \t\t\t<a href=\"https:\/\/bards.fr\/fr\/events\/event\/kontsert-kluba\/\" itemprop=\"url\">Le concert de notre association<\/a>\n        \t\t<\/h4>\n                    \t<\/header><!-- .entry-header -->\n        \t<ul class=\"eo-event-meta\">\n        \t\t        \t\t\t<!-- Single event -->\n        \t\t\t<li><strong>Quand:<\/strong> samedi 18 mars 2023 - 19:30<\/li>\n        \t\t        \t\t        \t\t\t<li><strong>O\u00f9:<\/strong> <a href=\"https:\/\/bards.fr\/fr\/events\/venues\/la-camillienne\/\"> \"La Camillienne\" 12, rue des Muniers 75012 Paris<\/a><\/li>\n        \t\t          <\/ul>    \n        <\/article>\n\t\t\t<\/li>\n\n\t\t\n\t\t\t\n\t\t\t<li class=\"eo-event-venue-area-12 eo-event-cat-concerts eo-event-past\" >\n\t\t\t\t<article id=\"post-2259\" class=\"post-2259 event type-event status-publish has-post-thumbnail event-venue-area-12 event-category-concerts entry\" itemscope itemtype=\"http:\/\/data-vocabulary.org\/Event\">\n      \t\t<a href=\"https:\/\/bards.fr\/fr\/events\/event\/kontsert-veroniki-dolinoj\/\" itemprop=\"url\"><img width=\"260\" height=\"300\" src=\"https:\/\/bards.fr\/wp-content\/uploads\/dolina-e1675966379701-260x300.jpg\" class=\"attachment-thumbnail eo-event-thumbnail wp-post-image\" alt=\"\" decoding=\"async\" loading=\"lazy\" srcset=\"https:\/\/bards.fr\/wp-content\/uploads\/dolina-e1675966379701-260x300.jpg 260w, https:\/\/bards.fr\/wp-content\/uploads\/dolina-e1675966379701-433x500.jpg 433w, https:\/\/bards.fr\/wp-content\/uploads\/dolina-e1675966379701.jpg 624w\" sizes=\"(max-width: 260px) 100vw, 260px\" \/><\/a>         \t<header class=\"eo-event-header\">\n            <h4 class=\"eo-event-title\">\n        \t\t\t<a href=\"https:\/\/bards.fr\/fr\/events\/event\/kontsert-veroniki-dolinoj\/\" itemprop=\"url\">Concert de Veronika Dolina<\/a>\n        \t\t<\/h4>\n                    \t<\/header><!-- .entry-header -->\n        \t<ul class=\"eo-event-meta\">\n        \t\t        \t\t\t<!-- Single event -->\n        \t\t\t<li><strong>Quand:<\/strong> samedi 18 f\u00e9vrier 2023 - 19:30<\/li>\n        \t\t        \t\t        \t\t\t<li><strong>O\u00f9:<\/strong> <a href=\"https:\/\/bards.fr\/fr\/events\/venues\/area-12\/\"> \"Area 12\" : 140 rue de Picpus 75012 Paris<\/a><\/li>\n        \t\t          <\/ul>    \n        <\/article>\n\t\t\t<\/li>\n\n\t\t\n\t\t\t\n\t\t\t<li class=\"eo-event-cat-concerts eo-event-past\" >\n\t\t\t\t<article id=\"post-2222\" class=\"post-2222 event type-event status-publish has-post-thumbnail event-category-concerts entry\" itemscope itemtype=\"http:\/\/data-vocabulary.org\/Event\">\n      \t\t<a href=\"https:\/\/bards.fr\/fr\/events\/event\/a-gorodnitskij-skolko-mil-do-atlantidy\/\" itemprop=\"url\"><img width=\"282\" height=\"300\" src=\"https:\/\/bards.fr\/wp-content\/uploads\/28-01-23-0-282x300.jpg\" class=\"attachment-thumbnail eo-event-thumbnail wp-post-image\" alt=\"\" decoding=\"async\" loading=\"lazy\" srcset=\"https:\/\/bards.fr\/wp-content\/uploads\/28-01-23-0-282x300.jpg 282w, https:\/\/bards.fr\/wp-content\/uploads\/28-01-23-0-469x500.jpg 469w, https:\/\/bards.fr\/wp-content\/uploads\/28-01-23-0.jpg 612w\" sizes=\"(max-width: 282px) 100vw, 282px\" \/><\/a>         \t<header class=\"eo-event-header\">\n            <h4 class=\"eo-event-title\">\n        \t\t\t<a href=\"https:\/\/bards.fr\/fr\/events\/event\/a-gorodnitskij-skolko-mil-do-atlantidy\/\" itemprop=\"url\">A. Gorodnitskiy _ Concert \u00ab\u00a0Combien de miles jusqu&rsquo;\u00e0 l&rsquo;Atlantide\u00a0\u00bb<\/a>\n        \t\t<\/h4>\n                    \t<\/header><!-- .entry-header -->\n        \t<ul class=\"eo-event-meta\">\n        \t\t        \t\t\t<!-- Single event -->\n        \t\t\t<li><strong>Quand:<\/strong> samedi 28 janvier 2023 - 19:30<\/li>\n        \t\t        \t\t          <\/ul>    \n        <\/article>\n\t\t\t<\/li>\n\n\t\t\n\t\t\t\n\t\t\t<li class=\"eo-event-venue-institut-protestant eo-event-cat-concerts eo-event-past\" >\n\t\t\t\t<article id=\"post-2217\" class=\"post-2217 event type-event status-publish has-post-thumbnail event-venue-institut-protestant event-category-concerts entry\" itemscope itemtype=\"http:\/\/data-vocabulary.org\/Event\">\n      \t\t<a href=\"https:\/\/bards.fr\/fr\/events\/event\/aleksandr-gorodnitskij-v-parizhe\/\" itemprop=\"url\"><img width=\"289\" height=\"300\" src=\"https:\/\/bards.fr\/wp-content\/uploads\/2023-01-11_15h27_37-289x300.png\" class=\"attachment-thumbnail eo-event-thumbnail wp-post-image\" alt=\"\" decoding=\"async\" loading=\"lazy\" srcset=\"https:\/\/bards.fr\/wp-content\/uploads\/2023-01-11_15h27_37-289x300.png 289w, https:\/\/bards.fr\/wp-content\/uploads\/2023-01-11_15h27_37.png 316w\" sizes=\"(max-width: 289px) 100vw, 289px\" \/><\/a>         \t<header class=\"eo-event-header\">\n            <h4 class=\"eo-event-title\">\n        \t\t\t<a href=\"https:\/\/bards.fr\/fr\/events\/event\/aleksandr-gorodnitskij-v-parizhe\/\" itemprop=\"url\">A.Gorodnitskiy_Concert \u00ab\u00a0Place \u00e0 l&rsquo;espoir\u00a0\u00bb<\/a>\n        \t\t<\/h4>\n                    \t<\/header><!-- .entry-header -->\n        \t<ul class=\"eo-event-meta\">\n        \t\t        \t\t\t<!-- Single event -->\n        \t\t\t<li><strong>Quand:<\/strong> vendredi 27 janvier 2023 - 19:30<\/li>\n        \t\t        \t\t        \t\t\t<li><strong>O\u00f9:<\/strong> <a href=\"https:\/\/bards.fr\/fr\/events\/venues\/institut-protestant\/\"> Institut Protestant, 83 bd Arago 75014 Paris<\/a><\/li>\n        \t\t          <\/ul>    \n        <\/article>\n\t\t\t<\/li>\n\n\t\t\n\t\t\t\n\t\t\t<li class=\"eo-event-venue-area-12 eo-event-cat-concerts eo-event-cat-u_druzei eo-event-past\" >\n\t\t\t\t<article id=\"post-2211\" class=\"post-2211 event type-event status-publish has-post-thumbnail event-venue-area-12 event-category-concerts event-category-u_druzei entry\" itemscope itemtype=\"http:\/\/data-vocabulary.org\/Event\">\n      \t\t<a href=\"https:\/\/bards.fr\/fr\/events\/event\/marat-fahrtdinov-kvartirnik-v-parizhe\/\" itemprop=\"url\"><img width=\"300\" height=\"156\" src=\"https:\/\/bards.fr\/wp-content\/uploads\/MFhrdinov-e1671007353901-300x156.jpg\" class=\"attachment-thumbnail eo-event-thumbnail wp-post-image\" alt=\"\" decoding=\"async\" loading=\"lazy\" srcset=\"https:\/\/bards.fr\/wp-content\/uploads\/MFhrdinov-e1671007353901-300x156.jpg 300w, https:\/\/bards.fr\/wp-content\/uploads\/MFhrdinov-e1671007353901-500x260.jpg 500w, https:\/\/bards.fr\/wp-content\/uploads\/MFhrdinov-e1671007353901.jpg 526w\" sizes=\"(max-width: 300px) 100vw, 300px\" \/><\/a>         \t<header class=\"eo-event-header\">\n            <h4 class=\"eo-event-title\">\n        \t\t\t<a href=\"https:\/\/bards.fr\/fr\/events\/event\/marat-fahrtdinov-kvartirnik-v-parizhe\/\" itemprop=\"url\">Marat Fahrtdinov &#8211; concert-appart a Paris<\/a>\n        \t\t<\/h4>\n                    \t<\/header><!-- .entry-header -->\n        \t<ul class=\"eo-event-meta\">\n        \t\t        \t\t\t<!-- Single event -->\n        \t\t\t<li><strong>Quand:<\/strong> mercredi 14 d\u00e9cembre 2022 - 19:00<\/li>\n        \t\t        \t\t        \t\t\t<li><strong>O\u00f9:<\/strong> <a href=\"https:\/\/bards.fr\/fr\/events\/venues\/area-12\/\"> \"Area 12\" : 140 rue de Picpus 75012 Paris<\/a><\/li>\n        \t\t          <\/ul>    \n        <\/article>\n\t\t\t<\/li>\n\n\t\t\n\t\t\t\n\t\t\t<li class=\"eo-event-venue-la-camillienne eo-event-cat-vechera eo-event-past\" >\n\t\t\t\t<article id=\"post-2202\" class=\"post-2202 event type-event status-publish has-post-thumbnail event-venue-la-camillienne event-category-vechera entry\" itemscope itemtype=\"http:\/\/data-vocabulary.org\/Event\">\n      \t\t<a href=\"https:\/\/bards.fr\/fr\/events\/event\/gitaru-po-krug\/\" itemprop=\"url\"><img width=\"300\" height=\"155\" src=\"https:\/\/bards.fr\/wp-content\/uploads\/Gitara-po-krugu-23.11.22-300x155.jpeg\" class=\"attachment-thumbnail eo-event-thumbnail wp-post-image\" alt=\"\" decoding=\"async\" loading=\"lazy\" srcset=\"https:\/\/bards.fr\/wp-content\/uploads\/Gitara-po-krugu-23.11.22-300x155.jpeg 300w, https:\/\/bards.fr\/wp-content\/uploads\/Gitara-po-krugu-23.11.22-500x258.jpeg 500w, https:\/\/bards.fr\/wp-content\/uploads\/Gitara-po-krugu-23.11.22-1024x529.jpeg 1024w, https:\/\/bards.fr\/wp-content\/uploads\/Gitara-po-krugu-23.11.22-768x397.jpeg 768w, https:\/\/bards.fr\/wp-content\/uploads\/Gitara-po-krugu-23.11.22-1536x794.jpeg 1536w, https:\/\/bards.fr\/wp-content\/uploads\/Gitara-po-krugu-23.11.22.jpeg 1600w\" sizes=\"(max-width: 300px) 100vw, 300px\" \/><\/a>         \t<header class=\"eo-event-header\">\n            <h4 class=\"eo-event-title\">\n        \t\t\t<a href=\"https:\/\/bards.fr\/fr\/events\/event\/gitaru-po-krug\/\" itemprop=\"url\">Guitare et Parole \u00e0 tour de r\u00f4le<\/a>\n        \t\t<\/h4>\n                    \t<\/header><!-- .entry-header -->\n        \t<ul class=\"eo-event-meta\">\n        \t\t        \t\t\t<!-- Single event -->\n        \t\t\t<li><strong>Quand:<\/strong> mercredi 23 novembre 2022 - 19:30<\/li>\n        \t\t        \t\t        \t\t\t<li><strong>O\u00f9:<\/strong> <a href=\"https:\/\/bards.fr\/fr\/events\/venues\/la-camillienne\/\"> \"La Camillienne\" 12, rue des Muniers 75012 Paris<\/a><\/li>\n        \t\t          <\/ul>    \n        <\/article>\n\t\t\t<\/li>\n\n\t\t\n\t\t\t\n\t\t\t<li class=\"eo-event-venue-la-camillienne eo-event-cat-concerts eo-event-past\" >\n\t\t\t\t<article id=\"post-2183\" class=\"post-2183 event type-event status-publish has-post-thumbnail event-venue-la-camillienne event-category-concerts entry\" itemscope itemtype=\"http:\/\/data-vocabulary.org\/Event\">\n      \t\t<a href=\"https:\/\/bards.fr\/fr\/events\/event\/kontsert-nikitinyh-my-poem-stihi\/\" itemprop=\"url\"><img width=\"300\" height=\"275\" src=\"https:\/\/bards.fr\/wp-content\/uploads\/cover-2-300x275.jpeg\" class=\"attachment-thumbnail eo-event-thumbnail wp-post-image\" alt=\"\" decoding=\"async\" loading=\"lazy\" srcset=\"https:\/\/bards.fr\/wp-content\/uploads\/cover-2-300x275.jpeg 300w, https:\/\/bards.fr\/wp-content\/uploads\/cover-2-500x459.jpeg 500w, https:\/\/bards.fr\/wp-content\/uploads\/cover-2.jpeg 734w\" sizes=\"(max-width: 300px) 100vw, 300px\" \/><\/a>         \t<header class=\"eo-event-header\">\n            <h4 class=\"eo-event-title\">\n        \t\t\t<a href=\"https:\/\/bards.fr\/fr\/events\/event\/kontsert-nikitinyh-my-poem-stihi\/\" itemprop=\"url\">Le concert de Nikitine<\/a>\n        \t\t<\/h4>\n                          <!-- Show Event text as 'the_excerpt' or 'the_content' -->\n              <p class=\"eo-event-content\" itemprop=\"description\">\u041a\u043e\u043d\u0446\u0435\u0440\u0442 \u0422\u0430\u0442\u044c\u044f\u043d\u044b, \u0421\u0435\u0440\u0433\u0435\u044f \u0438 \u0410\u043b\u0435\u043a\u0441\u0430\u043d\u0434\u0440\u0430 \u041d\u0438\u043a\u0438\u0442\u0438\u043d\u044b\u0445 \u0432 \u041f\u0430\u0440\u0438\u0436\u0435! 28 \u043e\u043a\u0442\u044f\u0431\u0440\u044f 2022 \u0433\u043e\u0434\u0430<\/p>\n        \t\t        \t<\/header><!-- .entry-header -->\n        \t<ul class=\"eo-event-meta\">\n        \t\t        \t\t\t<!-- Single event -->\n        \t\t\t<li><strong>Quand:<\/strong> vendredi 28 octobre 2022 - 20:00<\/li>\n        \t\t        \t\t        \t\t\t<li><strong>O\u00f9:<\/strong> <a href=\"https:\/\/bards.fr\/fr\/events\/venues\/la-camillienne\/\"> \"La Camillienne\" 12, rue des Muniers 75012 Paris<\/a><\/li>\n        \t\t          <\/ul>    \n        <\/article>\n\t\t\t<\/li>\n\n\t\t\n\t\t\t\n\t\t\t<li class=\"eo-event-venue-theatre-du-passage-vers-les-etoiles eo-event-cat-concerts eo-event-past\" >\n\t\t\t\t<article id=\"post-2179\" class=\"post-2179 event type-event status-publish has-post-thumbnail event-venue-theatre-du-passage-vers-les-etoiles event-category-concerts entry\" itemscope itemtype=\"http:\/\/data-vocabulary.org\/Event\">\n      \t\t<a href=\"https:\/\/bards.fr\/fr\/events\/event\/detskij-kontsert-nikitinyh\/\" itemprop=\"url\"><img width=\"300\" height=\"265\" src=\"https:\/\/bards.fr\/wp-content\/uploads\/cover-1-300x265.jpeg\" class=\"attachment-thumbnail eo-event-thumbnail wp-post-image\" alt=\"\" decoding=\"async\" loading=\"lazy\" srcset=\"https:\/\/bards.fr\/wp-content\/uploads\/cover-1-300x265.jpeg 300w, https:\/\/bards.fr\/wp-content\/uploads\/cover-1-500x442.jpeg 500w, https:\/\/bards.fr\/wp-content\/uploads\/cover-1-1024x905.jpeg 1024w, https:\/\/bards.fr\/wp-content\/uploads\/cover-1-768x678.jpeg 768w, https:\/\/bards.fr\/wp-content\/uploads\/cover-1.jpeg 1046w\" sizes=\"(max-width: 300px) 100vw, 300px\" \/><\/a>         \t<header class=\"eo-event-header\">\n            <h4 class=\"eo-event-title\">\n        \t\t\t<a href=\"https:\/\/bards.fr\/fr\/events\/event\/detskij-kontsert-nikitinyh\/\" itemprop=\"url\">Le concer Nikitine pour les enfant<\/a>\n        \t\t<\/h4>\n                    \t<\/header><!-- .entry-header -->\n        \t<ul class=\"eo-event-meta\">\n        \t\t        \t\t\t<!-- Single event -->\n        \t\t\t<li><strong>Quand:<\/strong> samedi 15 octobre 2022 - 15:00<\/li>\n        \t\t        \t\t        \t\t\t<li><strong>O\u00f9:<\/strong> <a href=\"https:\/\/bards.fr\/fr\/events\/venues\/theatre-du-passage-vers-les-etoiles\/\"> Th\u00e9\u00e2tre du Passage vers les Etoiles<\/a><\/li>\n        \t\t          <\/ul>    \n        <\/article>\n\t\t\t<\/li>\n\n\t\t\n\t\t\t\n\t\t\t<li class=\"eo-event-venue-la-camillienne eo-event-cat-concerts eo-event-past\" >\n\t\t\t\t<article id=\"post-2139\" class=\"post-2139 event type-event status-publish has-post-thumbnail event-venue-la-camillienne event-category-concerts entry\" itemscope itemtype=\"http:\/\/data-vocabulary.org\/Event\">\n      \t\t<a href=\"https:\/\/bards.fr\/fr\/events\/event\/kontsert-pavla-fahrtdinova\/\" itemprop=\"url\"><img width=\"300\" height=\"297\" src=\"https:\/\/bards.fr\/wp-content\/uploads\/718437FC-7CA0-40D0-BEDA-09A6B8F65593-300x297.jpg\" class=\"attachment-thumbnail eo-event-thumbnail wp-post-image\" alt=\"\" decoding=\"async\" loading=\"lazy\" srcset=\"https:\/\/bards.fr\/wp-content\/uploads\/718437FC-7CA0-40D0-BEDA-09A6B8F65593-300x297.jpg 300w, https:\/\/bards.fr\/wp-content\/uploads\/718437FC-7CA0-40D0-BEDA-09A6B8F65593-500x495.jpg 500w, https:\/\/bards.fr\/wp-content\/uploads\/718437FC-7CA0-40D0-BEDA-09A6B8F65593-768x760.jpg 768w, https:\/\/bards.fr\/wp-content\/uploads\/718437FC-7CA0-40D0-BEDA-09A6B8F65593.jpg 933w\" sizes=\"(max-width: 300px) 100vw, 300px\" \/><\/a>         \t<header class=\"eo-event-header\">\n            <h4 class=\"eo-event-title\">\n        \t\t\t<a href=\"https:\/\/bards.fr\/fr\/events\/event\/kontsert-pavla-fahrtdinova\/\" itemprop=\"url\">Le concert de Pavel Fakhrtdinov<\/a>\n        \t\t<\/h4>\n                    \t<\/header><!-- .entry-header -->\n        \t<ul class=\"eo-event-meta\">\n        \t\t        \t\t\t<!-- Single event -->\n        \t\t\t<li><strong>Quand:<\/strong> samedi 4 juin 2022 - 19:00<\/li>\n        \t\t        \t\t        \t\t\t<li><strong>O\u00f9:<\/strong> <a href=\"https:\/\/bards.fr\/fr\/events\/venues\/la-camillienne\/\"> \"La Camillienne\" 12, rue des Muniers 75012 Paris<\/a><\/li>\n        \t\t          <\/ul>    \n        <\/article>\n\t\t\t<\/li>\n\n\t\t\n\t\t\t\n\t\t\t<li class=\"eo-event-cat-concerts eo-event-past\" >\n\t\t\t\t<article id=\"post-2062\" class=\"post-2062 event type-event status-publish has-post-thumbnail event-category-concerts entry\" itemscope itemtype=\"http:\/\/data-vocabulary.org\/Event\">\n      \t\t<a href=\"https:\/\/bards.fr\/fr\/events\/event\/viktor-shenderovich-2\/\" itemprop=\"url\"><img width=\"297\" height=\"300\" src=\"https:\/\/bards.fr\/wp-content\/uploads\/ConShen-297x300.jpeg\" class=\"attachment-thumbnail eo-event-thumbnail wp-post-image\" alt=\"\" decoding=\"async\" loading=\"lazy\" srcset=\"https:\/\/bards.fr\/wp-content\/uploads\/ConShen-297x300.jpeg 297w, https:\/\/bards.fr\/wp-content\/uploads\/ConShen-495x500.jpeg 495w, https:\/\/bards.fr\/wp-content\/uploads\/ConShen-768x776.jpeg 768w, https:\/\/bards.fr\/wp-content\/uploads\/ConShen.jpeg 1000w\" sizes=\"(max-width: 297px) 100vw, 297px\" \/><\/a>         \t<header class=\"eo-event-header\">\n            <h4 class=\"eo-event-title\">\n        \t\t\t<a href=\"https:\/\/bards.fr\/fr\/events\/event\/viktor-shenderovich-2\/\" itemprop=\"url\">Victor Chenderovitch<\/a>\n        \t\t<\/h4>\n                    \t<\/header><!-- .entry-header -->\n        \t<ul class=\"eo-event-meta\">\n        \t\t        \t\t\t<!-- Single event -->\n        \t\t\t<li><strong>Quand:<\/strong> lundi 18 avril 2022 - 19:30<\/li>\n        \t\t        \t\t          <\/ul>    \n        <\/article>\n\t\t\t<\/li>\n\n\t\t\n\t\t\t\n\t\t\t<li class=\"eo-event-venue-institut-protestant eo-event-cat-concerts eo-event-past\" >\n\t\t\t\t<article id=\"post-2058\" class=\"post-2058 event type-event status-publish has-post-thumbnail event-venue-institut-protestant event-category-concerts entry\" itemscope itemtype=\"http:\/\/data-vocabulary.org\/Event\">\n      \t\t<a href=\"https:\/\/bards.fr\/fr\/events\/event\/kontsert-mihaila-i-borisa-kiner\/\" itemprop=\"url\"><img width=\"300\" height=\"212\" src=\"https:\/\/bards.fr\/wp-content\/uploads\/277180930_658145025445120_1003778941898597951_n-300x212.jpg\" class=\"attachment-thumbnail eo-event-thumbnail wp-post-image\" alt=\"\" decoding=\"async\" loading=\"lazy\" srcset=\"https:\/\/bards.fr\/wp-content\/uploads\/277180930_658145025445120_1003778941898597951_n-300x212.jpg 300w, https:\/\/bards.fr\/wp-content\/uploads\/277180930_658145025445120_1003778941898597951_n-500x353.jpg 500w, https:\/\/bards.fr\/wp-content\/uploads\/277180930_658145025445120_1003778941898597951_n-1024x724.jpg 1024w, https:\/\/bards.fr\/wp-content\/uploads\/277180930_658145025445120_1003778941898597951_n-768x543.jpg 768w, https:\/\/bards.fr\/wp-content\/uploads\/277180930_658145025445120_1003778941898597951_n-1536x1086.jpg 1536w, https:\/\/bards.fr\/wp-content\/uploads\/277180930_658145025445120_1003778941898597951_n.jpg 1600w\" sizes=\"(max-width: 300px) 100vw, 300px\" \/><\/a>         \t<header class=\"eo-event-header\">\n            <h4 class=\"eo-event-title\">\n        \t\t\t<a href=\"https:\/\/bards.fr\/fr\/events\/event\/kontsert-mihaila-i-borisa-kiner\/\" itemprop=\"url\">Micha Kiner et Boris Kiner<\/a>\n        \t\t<\/h4>\n                    \t<\/header><!-- .entry-header -->\n        \t<ul class=\"eo-event-meta\">\n        \t\t        \t\t\t<!-- Single event -->\n        \t\t\t<li><strong>Quand:<\/strong> dimanche 27 mars 2022 - 19:30<\/li>\n        \t\t        \t\t        \t\t\t<li><strong>O\u00f9:<\/strong> <a href=\"https:\/\/bards.fr\/fr\/events\/venues\/institut-protestant\/\"> Institut Protestant, 83 bd Arago 75014 Paris<\/a><\/li>\n        \t\t          <\/ul>    \n        <\/article>\n\t\t\t<\/li>\n\n\t\t\n\t\t\t\n\t\t\t<li class=\"eo-event-cat-vechera eo-event-past\" >\n\t\t\t\t<article id=\"post-2054\" class=\"post-2054 event type-event status-publish has-post-thumbnail event-category-vechera entry\" itemscope itemtype=\"http:\/\/data-vocabulary.org\/Event\">\n      \t\t<a href=\"https:\/\/bards.fr\/fr\/events\/event\/gitara-po-krugu-2\/\" itemprop=\"url\"><img width=\"300\" height=\"251\" src=\"https:\/\/bards.fr\/wp-content\/uploads\/tour-de-guitare-202202-300x251.jpeg\" class=\"attachment-thumbnail eo-event-thumbnail wp-post-image\" alt=\"\" decoding=\"async\" loading=\"lazy\" srcset=\"https:\/\/bards.fr\/wp-content\/uploads\/tour-de-guitare-202202-300x251.jpeg 300w, https:\/\/bards.fr\/wp-content\/uploads\/tour-de-guitare-202202-500x419.jpeg 500w, https:\/\/bards.fr\/wp-content\/uploads\/tour-de-guitare-202202-768x644.jpeg 768w, https:\/\/bards.fr\/wp-content\/uploads\/tour-de-guitare-202202.jpeg 940w\" sizes=\"(max-width: 300px) 100vw, 300px\" \/><\/a>         \t<header class=\"eo-event-header\">\n            <h4 class=\"eo-event-title\">\n        \t\t\t<a href=\"https:\/\/bards.fr\/fr\/events\/event\/gitara-po-krugu-2\/\" itemprop=\"url\">Guitare \u00e0 tour de role<\/a>\n        \t\t<\/h4>\n                    \t<\/header><!-- .entry-header -->\n        \t<ul class=\"eo-event-meta\">\n        \t\t        \t\t\t<!-- Single event -->\n        \t\t\t<li><strong>Quand:<\/strong> dimanche 27 f\u00e9vrier 2022 - 16:00<\/li>\n        \t\t        \t\t          <\/ul>    \n        <\/article>\n\t\t\t<\/li>\n\n\t\t\n\t\t\t\n\t\t\t<li class=\"eo-event-venue-institut-protestant eo-event-cat-dates eo-event-cat-concerts eo-event-past\" >\n\t\t\t\t<article id=\"post-1993\" class=\"post-1993 event type-event status-publish has-post-thumbnail event-venue-institut-protestant event-category-dates event-category-concerts entry\" itemscope itemtype=\"http:\/\/data-vocabulary.org\/Event\">\n      \t\t<a href=\"https:\/\/bards.fr\/fr\/events\/event\/bolshoj-prednovogodnij-kontsert\/\" itemprop=\"url\"><img width=\"297\" height=\"300\" src=\"https:\/\/bards.fr\/wp-content\/uploads\/dedmoroz-1-297x300.jpg\" class=\"attachment-thumbnail eo-event-thumbnail wp-post-image\" alt=\"\" decoding=\"async\" loading=\"lazy\" srcset=\"https:\/\/bards.fr\/wp-content\/uploads\/dedmoroz-1-297x300.jpg 297w, https:\/\/bards.fr\/wp-content\/uploads\/dedmoroz-1-496x500.jpg 496w, https:\/\/bards.fr\/wp-content\/uploads\/dedmoroz-1.jpg 554w\" sizes=\"(max-width: 297px) 100vw, 297px\" \/><\/a>         \t<header class=\"eo-event-header\">\n            <h4 class=\"eo-event-title\">\n        \t\t\t<a href=\"https:\/\/bards.fr\/fr\/events\/event\/bolshoj-prednovogodnij-kontsert\/\" itemprop=\"url\">Le grand concert de r\u00e9veillon.<\/a>\n        \t\t<\/h4>\n                    \t<\/header><!-- .entry-header -->\n        \t<ul class=\"eo-event-meta\">\n        \t\t        \t\t\t<!-- Single event -->\n        \t\t\t<li><strong>Quand:<\/strong> dimanche 12 d\u00e9cembre 2021 - 19:00<\/li>\n        \t\t        \t\t        \t\t\t<li><strong>O\u00f9:<\/strong> <a href=\"https:\/\/bards.fr\/fr\/events\/venues\/institut-protestant\/\"> Institut Protestant, 83 bd Arago 75014 Paris<\/a><\/li>\n        \t\t          <\/ul>    \n        <\/article>\n\t\t\t<\/li>\n\n\t\t\n\t\t\t\n\t\t\t<li class=\"eo-event-venue-institut-protestant eo-event-cat-vechera eo-event-past\" >\n\t\t\t\t<article id=\"post-1981\" class=\"post-1981 event type-event status-publish has-post-thumbnail event-venue-institut-protestant event-category-vechera entry\" itemscope itemtype=\"http:\/\/data-vocabulary.org\/Event\">\n      \t\t<a href=\"https:\/\/bards.fr\/fr\/events\/event\/gitara-po-krugu\/\" itemprop=\"url\"><img width=\"190\" height=\"300\" src=\"https:\/\/bards.fr\/wp-content\/uploads\/WhatsApp-Image-2021-05-30-at-01.51.24-190x300.jpeg\" class=\"attachment-thumbnail eo-event-thumbnail wp-post-image\" alt=\"\" decoding=\"async\" loading=\"lazy\" srcset=\"https:\/\/bards.fr\/wp-content\/uploads\/WhatsApp-Image-2021-05-30-at-01.51.24-190x300.jpeg 190w, https:\/\/bards.fr\/wp-content\/uploads\/WhatsApp-Image-2021-05-30-at-01.51.24-317x500.jpeg 317w, https:\/\/bards.fr\/wp-content\/uploads\/WhatsApp-Image-2021-05-30-at-01.51.24-649x1024.jpeg 649w, https:\/\/bards.fr\/wp-content\/uploads\/WhatsApp-Image-2021-05-30-at-01.51.24-768x1211.jpeg 768w, https:\/\/bards.fr\/wp-content\/uploads\/WhatsApp-Image-2021-05-30-at-01.51.24-974x1536.jpeg 974w, https:\/\/bards.fr\/wp-content\/uploads\/WhatsApp-Image-2021-05-30-at-01.51.24.jpeg 1014w\" sizes=\"(max-width: 190px) 100vw, 190px\" \/><\/a>         \t<header class=\"eo-event-header\">\n            <h4 class=\"eo-event-title\">\n        \t\t\t<a href=\"https:\/\/bards.fr\/fr\/events\/event\/gitara-po-krugu\/\" itemprop=\"url\">Guitare \u00e0 tour de role<\/a>\n        \t\t<\/h4>\n                    \t<\/header><!-- .entry-header -->\n        \t<ul class=\"eo-event-meta\">\n        \t\t        \t\t\t<!-- Single event -->\n        \t\t\t<li><strong>Quand:<\/strong> dimanche 21 novembre 2021 - 14:30<\/li>\n        \t\t        \t\t        \t\t\t<li><strong>O\u00f9:<\/strong> <a href=\"https:\/\/bards.fr\/fr\/events\/venues\/institut-protestant\/\"> Institut Protestant, 83 bd Arago 75014 Paris<\/a><\/li>\n        \t\t          <\/ul>    \n        <\/article>\n\t\t\t<\/li>\n\n\t\t\n\t\t\t\n\t\t\t<li class=\"eo-event-venue-on-line eo-event-cat-vechera eo-event-past\" >\n\t\t\t\t<article id=\"post-1933\" class=\"post-1933 event type-event status-publish has-post-thumbnail event-venue-on-line event-category-vechera entry\" itemscope itemtype=\"http:\/\/data-vocabulary.org\/Event\">\n      \t\t<a href=\"https:\/\/bards.fr\/fr\/events\/event\/gitara-i-slovo-po-krugu\/\" itemprop=\"url\"><img width=\"225\" height=\"300\" src=\"https:\/\/bards.fr\/wp-content\/uploads\/WhatsApp-Image-2021-05-22-at-07.53.08-225x300.jpeg\" class=\"attachment-thumbnail eo-event-thumbnail wp-post-image\" alt=\"\" decoding=\"async\" loading=\"lazy\" srcset=\"https:\/\/bards.fr\/wp-content\/uploads\/WhatsApp-Image-2021-05-22-at-07.53.08-225x300.jpeg 225w, https:\/\/bards.fr\/wp-content\/uploads\/WhatsApp-Image-2021-05-22-at-07.53.08-375x500.jpeg 375w, https:\/\/bards.fr\/wp-content\/uploads\/WhatsApp-Image-2021-05-22-at-07.53.08.jpeg 768w\" sizes=\"(max-width: 225px) 100vw, 225px\" \/><\/a>         \t<header class=\"eo-event-header\">\n            <h4 class=\"eo-event-title\">\n        \t\t\t<a href=\"https:\/\/bards.fr\/fr\/events\/event\/gitara-i-slovo-po-krugu\/\" itemprop=\"url\">Guitare \u00e0 tour de role<\/a>\n        \t\t<\/h4>\n                    \t<\/header><!-- .entry-header -->\n        \t<ul class=\"eo-event-meta\">\n        \t\t        \t\t\t<!-- Single event -->\n        \t\t\t<li><strong>Quand:<\/strong> dimanche 12 septembre 2021 - 17:00<\/li>\n        \t\t        \t\t        \t\t\t<li><strong>O\u00f9:<\/strong> <a href=\"https:\/\/bards.fr\/fr\/events\/venues\/on-line\/\"> ON-LINE<\/a><\/li>\n        \t\t          <\/ul>    \n        <\/article>\n\t\t\t<\/li>\n\n\t\t\n\t\t\t\n\t\t\t<li class=\"eo-event-cat-dates eo-event-cat-festivali eo-event-past eo-all-day\" >\n\t\t\t\t<article id=\"post-1968\" class=\"post-1968 event type-event status-publish has-post-thumbnail event-category-dates event-category-festivali entry\" itemscope itemtype=\"http:\/\/data-vocabulary.org\/Event\">\n      \t\t<a href=\"https:\/\/bards.fr\/fr\/events\/event\/prazdnik-muzyki\/\" itemprop=\"url\"><img width=\"300\" height=\"200\" src=\"https:\/\/bards.fr\/wp-content\/uploads\/fete-de-la-musique-300x200.jpg\" class=\"attachment-thumbnail eo-event-thumbnail wp-post-image\" alt=\"\" decoding=\"async\" loading=\"lazy\" srcset=\"https:\/\/bards.fr\/wp-content\/uploads\/fete-de-la-musique-300x200.jpg 300w, https:\/\/bards.fr\/wp-content\/uploads\/fete-de-la-musique-500x333.jpg 500w, https:\/\/bards.fr\/wp-content\/uploads\/fete-de-la-musique-768x512.jpg 768w, https:\/\/bards.fr\/wp-content\/uploads\/fete-de-la-musique-600x400.jpg 600w, https:\/\/bards.fr\/wp-content\/uploads\/fete-de-la-musique.jpg 1024w\" sizes=\"(max-width: 300px) 100vw, 300px\" \/><\/a>         \t<header class=\"eo-event-header\">\n            <h4 class=\"eo-event-title\">\n        \t\t\t<a href=\"https:\/\/bards.fr\/fr\/events\/event\/prazdnik-muzyki\/\" itemprop=\"url\">Fete de la musique<\/a>\n        \t\t<\/h4>\n                    \t<\/header><!-- .entry-header -->\n        \t<ul class=\"eo-event-meta\">\n        \t\t        \t\t\t<!-- Single event -->\n        \t\t\t<li><strong>Quand:<\/strong> lundi 21 juin 2021 - 00:00<\/li>\n        \t\t        \t\t          <\/ul>    \n        <\/article>\n\t\t\t<\/li>\n\n\t\t\n\t\t\t\n\t\t\t<li class=\"eo-event-venue-park-byut-shomon-parizh eo-event-cat-vechera eo-event-past\" >\n\t\t\t\t<article id=\"post-1957\" class=\"post-1957 event type-event status-publish has-post-thumbnail event-venue-park-byut-shomon-parizh event-category-vechera entry\" itemscope itemtype=\"http:\/\/data-vocabulary.org\/Event\">\n      \t\t<a href=\"https:\/\/bards.fr\/fr\/events\/event\/muzykalnyj-piknik\/\" itemprop=\"url\"><img width=\"300\" height=\"225\" src=\"https:\/\/bards.fr\/wp-content\/uploads\/191762339_10223640465092809_7223890464173193370_n-300x225.jpg\" class=\"attachment-thumbnail eo-event-thumbnail wp-post-image\" alt=\"\" decoding=\"async\" loading=\"lazy\" srcset=\"https:\/\/bards.fr\/wp-content\/uploads\/191762339_10223640465092809_7223890464173193370_n-300x225.jpg 300w, https:\/\/bards.fr\/wp-content\/uploads\/191762339_10223640465092809_7223890464173193370_n-500x375.jpg 500w, https:\/\/bards.fr\/wp-content\/uploads\/191762339_10223640465092809_7223890464173193370_n-768x576.jpg 768w, https:\/\/bards.fr\/wp-content\/uploads\/191762339_10223640465092809_7223890464173193370_n.jpg 1024w\" sizes=\"(max-width: 300px) 100vw, 300px\" \/><\/a>         \t<header class=\"eo-event-header\">\n            <h4 class=\"eo-event-title\">\n        \t\t\t<a href=\"https:\/\/bards.fr\/fr\/events\/event\/muzykalnyj-piknik\/\" itemprop=\"url\">Sorti en musique<\/a>\n        \t\t<\/h4>\n                    \t<\/header><!-- .entry-header -->\n        \t<ul class=\"eo-event-meta\">\n        \t\t        \t\t\t<!-- Single event -->\n        \t\t\t<li><strong>Quand:<\/strong> samedi 29 mai 2021 - 14:00<\/li>\n        \t\t        \t\t        \t\t\t<li><strong>O\u00f9:<\/strong> <a href=\"https:\/\/bards.fr\/fr\/events\/venues\/park-byut-shomon-parizh\/\"> PARC DES BUTTES-CHAUMONT, Paris 19eme<\/a><\/li>\n        \t\t          <\/ul>    \n        <\/article>\n\t\t\t<\/li>\n\n\t\t\n\t\t\t\n\t\t\t<li class=\"eo-event-venue-on-line eo-event-cat-vechera eo-event-past\" >\n\t\t\t\t<article id=\"post-1714\" class=\"post-1714 event type-event status-publish has-post-thumbnail event-venue-on-line event-category-vechera entry\" itemscope itemtype=\"http:\/\/data-vocabulary.org\/Event\">\n      \t\t<a href=\"https:\/\/bards.fr\/fr\/events\/event\/govoryashhaya-i-poyushhaya-data\/\" itemprop=\"url\"><img width=\"300\" height=\"225\" src=\"https:\/\/bards.fr\/wp-content\/uploads\/9-5-21-300x225.jpg\" class=\"attachment-thumbnail eo-event-thumbnail wp-post-image\" alt=\"\" decoding=\"async\" loading=\"lazy\" srcset=\"https:\/\/bards.fr\/wp-content\/uploads\/9-5-21-300x225.jpg 300w, https:\/\/bards.fr\/wp-content\/uploads\/9-5-21-500x375.jpg 500w, https:\/\/bards.fr\/wp-content\/uploads\/9-5-21-768x576.jpg 768w, https:\/\/bards.fr\/wp-content\/uploads\/9-5-21.jpg 1024w\" sizes=\"(max-width: 300px) 100vw, 300px\" \/><\/a>         \t<header class=\"eo-event-header\">\n            <h4 class=\"eo-event-title\">\n        \t\t\t<a href=\"https:\/\/bards.fr\/fr\/events\/event\/govoryashhaya-i-poyushhaya-data\/\" itemprop=\"url\">Une Date qui parle et qui chante<\/a>\n        \t\t<\/h4>\n                    \t<\/header><!-- .entry-header -->\n        \t<ul class=\"eo-event-meta\">\n        \t\t        \t\t\t<!-- Single event -->\n        \t\t\t<li><strong>Quand:<\/strong> dimanche 9 mai 2021 - 17:00<\/li>\n        \t\t        \t\t        \t\t\t<li><strong>O\u00f9:<\/strong> <a href=\"https:\/\/bards.fr\/fr\/events\/venues\/on-line\/\"> ON-LINE<\/a><\/li>\n        \t\t          <\/ul>    \n        <\/article>\n\t\t\t<\/li>\n\n\t\t\n\t<\/ul>\n\n\n","protected":false},"excerpt":{"rendered":"<p>\u00c9v\u00e8nements \u00e0 venir: \u00c9v\u00e8nements pass\u00e9s:<\/p>\n","protected":false},"author":1,"featured_media":0,"parent":0,"menu_order":0,"comment_status":"closed","ping_status":"closed","template":"","meta":{"_genesis_hide_title":false,"_genesis_hide_breadcrumbs":false,"_genesis_hide_singular_image":false,"_genesis_hide_footer_widgets":false,"_genesis_custom_body_class":"","_genesis_custom_post_class":"","_genesis_layout":""},"translation":{"provider":"WPGlobus","version":"3.0.1","language":"fr","enabled_languages":["ru","fr"],"languages":{"ru":{"title":true,"content":true,"excerpt":false},"fr":{"title":true,"content":true,"excerpt":false}}},"yoast_head":"<!-- This site is optimized with the Yoast SEO plugin v21.1 - https:\/\/yoast.com\/wordpress\/plugins\/seo\/ -->\n<title>\u00c9v\u00e8nements - Club Parisien de la chanson d&#039;auteur<\/title>\n<meta name=\"robots\" content=\"index, follow, max-snippet:-1, max-image-preview:large, max-video-preview:-1\" \/>\n<link rel=\"canonical\" href=\"https:\/\/bards.fr\/events\/\" \/>\n<meta property=\"og:locale\" content=\"fr_FR\" \/>\n<meta property=\"og:type\" content=\"article\" \/>\n<meta property=\"og:title\" content=\"\u00c9v\u00e8nements - Club Parisien de la chanson d&#039;auteur\" \/>\n<meta property=\"og:url\" content=\"https:\/\/bards.fr\/events\/\" \/>\n<meta property=\"og:site_name\" content=\"Club Parisien de la chanson d&#039;auteur\" \/>\n<meta property=\"article:publisher\" content=\"https:\/\/www.facebook.com\/groups\/chanson.russe\" \/>\n<meta property=\"article:modified_time\" content=\"2017-06-06T21:38:18+00:00\" \/>\n<meta property=\"og:image\" content=\"https:\/\/bards.fr\/wp-content\/uploads\/facebook.png\" \/>\n\t<meta property=\"og:image:width\" content=\"272\" \/>\n\t<meta property=\"og:image:height\" content=\"185\" \/>\n\t<meta property=\"og:image:type\" content=\"image\/png\" \/>\n<meta name=\"twitter:card\" content=\"summary_large_image\" \/>\n<script type=\"application\/ld+json\" class=\"yoast-schema-graph\">{\"@context\":\"https:\/\/schema.org\",\"@graph\":[{\"@type\":\"WebPage\",\"@id\":\"https:\/\/bards.fr\/events\/\",\"url\":\"https:\/\/bards.fr\/events\/\",\"name\":\"\u00c9v\u00e8nements - Club Parisien de la chanson d&#039;auteur\",\"isPartOf\":{\"@id\":\"https:\/\/bards.fr\/fr\/#website\"},\"datePublished\":\"2016-06-15T10:35:51+00:00\",\"dateModified\":\"2017-06-06T21:38:18+00:00\",\"breadcrumb\":{\"@id\":\"https:\/\/bards.fr\/events\/#breadcrumb\"},\"inLanguage\":\"fr-FR\",\"potentialAction\":[{\"@type\":\"ReadAction\",\"target\":[\"https:\/\/bards.fr\/events\/\"]}]},{\"@type\":\"BreadcrumbList\",\"@id\":\"https:\/\/bards.fr\/events\/#breadcrumb\",\"itemListElement\":[{\"@type\":\"ListItem\",\"position\":1,\"name\":\"Home\",\"item\":\"https:\/\/bards.fr\/\"},{\"@type\":\"ListItem\",\"position\":2,\"name\":\"Me\u0440\u043e\u043f\u0440\u0438\u044f\u0442\u0438\u044f\"}]},{\"@type\":\"WebSite\",\"@id\":\"https:\/\/bards.fr\/fr\/#website\",\"url\":\"https:\/\/bards.fr\/fr\/\",\"name\":\"Club Parisien de la chanson d&#039;auteur\",\"description\":\"\u041a\u0421\u041f \u0432 \u041f\u0430\u0440\u0438\u0436\u0435\",\"potentialAction\":[{\"@type\":\"SearchAction\",\"target\":{\"@type\":\"EntryPoint\",\"urlTemplate\":\"https:\/\/bards.fr\/fr\/?s={search_term_string}\"},\"query-input\":\"required name=search_term_string\"}],\"inLanguage\":\"fr-FR\"}]}<\/script>\n<!-- \/ Yoast SEO plugin. -->","yoast_head_json":{"title":"\u00c9v\u00e8nements - Club Parisien de la chanson d&#039;auteur","robots":{"index":"index","follow":"follow","max-snippet":"max-snippet:-1","max-image-preview":"max-image-preview:large","max-video-preview":"max-video-preview:-1"},"canonical":"https:\/\/bards.fr\/events\/","og_locale":"fr_FR","og_type":"article","og_title":"\u00c9v\u00e8nements - Club Parisien de la chanson d&#039;auteur","og_url":"https:\/\/bards.fr\/events\/","og_site_name":"Club Parisien de la chanson d&#039;auteur","article_publisher":"https:\/\/www.facebook.com\/groups\/chanson.russe","article_modified_time":"2017-06-06T21:38:18+00:00","og_image":[{"width":272,"height":185,"url":"https:\/\/bards.fr\/wp-content\/uploads\/facebook.png","type":"image\/png"}],"twitter_card":"summary_large_image","schema":{"@context":"https:\/\/schema.org","@graph":[{"@type":"WebPage","@id":"https:\/\/bards.fr\/events\/","url":"https:\/\/bards.fr\/events\/","name":"\u00c9v\u00e8nements - Club Parisien de la chanson d&#039;auteur","isPartOf":{"@id":"https:\/\/bards.fr\/fr\/#website"},"datePublished":"2016-06-15T10:35:51+00:00","dateModified":"2017-06-06T21:38:18+00:00","breadcrumb":{"@id":"https:\/\/bards.fr\/events\/#breadcrumb"},"inLanguage":"fr-FR","potentialAction":[{"@type":"ReadAction","target":["https:\/\/bards.fr\/events\/"]}]},{"@type":"BreadcrumbList","@id":"https:\/\/bards.fr\/events\/#breadcrumb","itemListElement":[{"@type":"ListItem","position":1,"name":"Home","item":"https:\/\/bards.fr\/"},{"@type":"ListItem","position":2,"name":"Me\u0440\u043e\u043f\u0440\u0438\u044f\u0442\u0438\u044f"}]},{"@type":"WebSite","@id":"https:\/\/bards.fr\/fr\/#website","url":"https:\/\/bards.fr\/fr\/","name":"Club Parisien de la chanson d&#039;auteur","description":"\u041a\u0421\u041f \u0432 \u041f\u0430\u0440\u0438\u0436\u0435","potentialAction":[{"@type":"SearchAction","target":{"@type":"EntryPoint","urlTemplate":"https:\/\/bards.fr\/fr\/?s={search_term_string}"},"query-input":"required name=search_term_string"}],"inLanguage":"fr-FR"}]}},"featured_image_src":null,"featured_image_src_square":null,"_links":{"self":[{"href":"https:\/\/bards.fr\/fr\/wp-json\/wp\/v2\/pages\/842"}],"collection":[{"href":"https:\/\/bards.fr\/fr\/wp-json\/wp\/v2\/pages"}],"about":[{"href":"https:\/\/bards.fr\/fr\/wp-json\/wp\/v2\/types\/page"}],"author":[{"embeddable":true,"href":"https:\/\/bards.fr\/fr\/wp-json\/wp\/v2\/users\/1"}],"replies":[{"embeddable":true,"href":"https:\/\/bards.fr\/fr\/wp-json\/wp\/v2\/comments?post=842"}],"version-history":[{"count":1,"href":"https:\/\/bards.fr\/fr\/wp-json\/wp\/v2\/pages\/842\/revisions"}],"predecessor-version":[{"id":1202,"href":"https:\/\/bards.fr\/fr\/wp-json\/wp\/v2\/pages\/842\/revisions\/1202"}],"wp:attachment":[{"href":"https:\/\/bards.fr\/fr\/wp-json\/wp\/v2\/media?parent=842"}],"curies":[{"name":"wp","href":"https:\/\/api.w.org\/{rel}","templated":true}]}}